{"id":31,"date":"2019-10-05T23:48:34","date_gmt":"2019-10-05T21:48:34","guid":{"rendered":"http:\/\/nueva.cobosvestuario.com\/?page_id=31"},"modified":"2020-06-21T18:47:29","modified_gmt":"2020-06-21T16:47:29","slug":"trabajos-destacados","status":"publish","type":"page","link":"https:\/\/cobosvestuario.com\/en\/trabajos-destacados\/","title":{"rendered":"Highlighted work"},"content":{"rendered":"\n<div class=\"ngg-albumoverview default-view\">\n            <div class=\"ngg-album\">\n            <div class=\"ngg-albumcontent\">\n                <div class=\"ngg-thumbnail\">\n                    <a class='gallery_link' href='https:\/\/cobosvestuario.com\/en\/rusalka\/'>\n                        <img class=\"Thumb\"\n                             alt=\"Rusalka\"\n                             src=\"https:\/\/cobosvestuario.com\/wp-content\/gallery\/rusalka\/cache\/2.P1144823_edit.jpg-nggid03235-ngg0dyn-260x260x100-00f0w010c011r110f110r010t010.jpg\"\/>\n                    <\/a>\n                <\/div>\n                <div class=\"ngg-albumtitle\">\n                  <a class='gallery_link' href='https:\/\/cobosvestuario.com\/en\/rusalka\/'>Rusalka<\/a>\n                <\/div>\n                <div class=\"ngg-description\">\n                    <p><strong>Teatro Real<\/strong> <br>\r\nDirecci\u00f3n de Escena\/Stage Director: <strong>Christof Loy<\/strong> <br>\r\nFigurines: <strong>Ursula Renzenbrink<\/strong><\/p>\n                                            <p class=\"ngg-album-gallery-image-counter\"><strong>10<\/strong>&nbsp;Photos<\/p>\n                                    <\/div>\n            <\/div>\n        <\/div>\n            <div class=\"ngg-album\">\n            <div class=\"ngg-albumcontent\">\n                <div class=\"ngg-thumbnail\">\n                    <a class='gallery_link' href='https:\/\/cobosvestuario.com\/en\/trabajos-destacados\/la-senora-y-la-criada\/'>\n                        <img class=\"Thumb\"\n                             alt=\"La se\u00f1ora y la criada\"\n                             src=\"https:\/\/cobosvestuario.com\/wp-content\/gallery\/la-senora-y-la-criada\/cache\/1.La-senora-y-la-criada-marcosGpunto.jpg-nggid03222-ngg0dyn-260x260x100-00f0w010c011r110f110r010t010.jpg\"\/>\n                    <\/a>\n                <\/div>\n                <div class=\"ngg-albumtitle\">\n                  <a class='gallery_link' href='https:\/\/cobosvestuario.com\/en\/trabajos-destacados\/la-senora-y-la-criada\/'>La se\u00f1ora y la criada<\/a>\n                <\/div>\n                <div class=\"ngg-description\">\n                    <p><strong>Joven Compa\u00f1\u00eda Nacional de Teatro Cl\u00e1sico<\/strong> <br>Direcci\u00f3n\/Director: <strong>Miguel del Arco<\/strong> <br>Figurines\/ costume design: <strong>Sandra Espinosa<\/strong><\/p>\n                                            <p class=\"ngg-album-gallery-image-counter\"><strong>5<\/strong>&nbsp;Photos<\/p>\n                                    <\/div>\n            <\/div>\n        <\/div>\n            <div class=\"ngg-album\">\n            <div class=\"ngg-albumcontent\">\n                <div class=\"ngg-thumbnail\">\n                    <a class='gallery_link' href='https:\/\/cobosvestuario.com\/en\/traicion\/'>\n                        <img class=\"Thumb\"\n                             alt=\"Traici\u00f3n\"\n                             src=\"https:\/\/cobosvestuario.com\/wp-content\/gallery\/traicion\/cache\/d51bbc48-0617-4c24-8b98-45f4dce63ec9_rw_1920.png-nggid03225-ngg0dyn-260x260x100-00f0w010c011r110f110r010t010.png\"\/>\n                    <\/a>\n                <\/div>\n                <div class=\"ngg-albumtitle\">\n                  <a class='gallery_link' href='https:\/\/cobosvestuario.com\/en\/traicion\/'>Traici\u00f3n<\/a>\n                <\/div>\n                <div class=\"ngg-description\">\n                    <p><strong>El Pav\u00f3n Teatro Kamikaze<\/strong> <br>\r\nDirecci\u00f3n: <strong>Israel Alejalde<\/strong> <br>\r\nFigurines: <strong>Sandra Espinosa<\/strong> <br>\r\nRealizaci\u00f3n de vestuario para Irene Arcos<\/p>\n                                            <p class=\"ngg-album-gallery-image-counter\"><strong>2<\/strong>&nbsp;Photos<\/p>\n                                    <\/div>\n            <\/div>\n        <\/div>\n            <div class=\"ngg-album\">\n            <div class=\"ngg-albumcontent\">\n                <div class=\"ngg-thumbnail\">\n                    <a class='gallery_link' href='https:\/\/cobosvestuario.com\/en\/el-cascanueces\/'>\n                        <img class=\"Thumb\"\n                             alt=\"El Cascanueces\"\n                             src=\"https:\/\/cobosvestuario.com\/wp-content\/gallery\/el-cascanueces\/cache\/z.3-4-albiru-46510629_2194943393873879_365755824334700544_o.jpg-nggid03178-ngg0dyn-260x260x100-00f0w010c011r110f110r010t010.jpg\"\/>\n                    <\/a>\n                <\/div>\n                <div class=\"ngg-albumtitle\">\n                  <a class='gallery_link' href='https:\/\/cobosvestuario.com\/en\/el-cascanueces\/'>El Cascanueces<\/a>\n                <\/div>\n                <div class=\"ngg-description\">\n                    <p><strong>Compa\u00f1\u00eda Nacional de Danza<\/strong> <br>\r\nCore\u00f3grafo\/Choreographer: <strong>Jos\u00e9 Carlos Mart\u00ednez<\/strong> <br>\r\nFigurines\/ costume design: <strong> I\u00f1aki Cobos<\/strong>\r\n\r\n<\/p>\n                                            <p class=\"ngg-album-gallery-image-counter\"><strong>31<\/strong>&nbsp;Photos<\/p>\n                                    <\/div>\n            <\/div>\n        <\/div>\n            <div class=\"ngg-album\">\n            <div class=\"ngg-albumcontent\">\n                <div class=\"ngg-thumbnail\">\n                    <a class='gallery_link' href='https:\/\/cobosvestuario.com\/en\/antigona\/'>\n                        <img class=\"Thumb\"\n                             alt=\"Ant\u00edgona\"\n                             src=\"https:\/\/cobosvestuario.com\/wp-content\/gallery\/antigona\/cache\/62050266_10156374691106444_9174388261261410304_o.jpg-nggid03179-ngg0dyn-260x260x100-00f0w010c011r110f110r010t010.jpg\"\/>\n                    <\/a>\n                <\/div>\n                <div class=\"ngg-albumtitle\">\n                  <a class='gallery_link' href='https:\/\/cobosvestuario.com\/en\/antigona\/'>Ant\u00edgona<\/a>\n                <\/div>\n                <div class=\"ngg-description\">\n                    <p><strong>Victor Ullate Ballet<\/strong> <br>\r\nCore\u00f3grafo\/Choreographer: <strong>Victor Ullate y Eduardo Lao<\/strong> <br>\r\nFigurines\/ costume design: <strong>I\u00f1aki Cobos<\/strong><\/p>\n                                            <p class=\"ngg-album-gallery-image-counter\"><strong>15<\/strong>&nbsp;Photos<\/p>\n                                    <\/div>\n            <\/div>\n        <\/div>\n            <div class=\"ngg-album\">\n            <div class=\"ngg-albumcontent\">\n                <div class=\"ngg-thumbnail\">\n                    <a class='gallery_link' href='https:\/\/cobosvestuario.com\/en\/billy-elliot\/'>\n                        <img class=\"Thumb\"\n                             alt=\"Billy Elliot\"\n                             src=\"https:\/\/cobosvestuario.com\/wp-content\/gallery\/billy-elliot-1\/cache\/Logo-vertical.jpg-nggid03194-ngg0dyn-260x260x100-00f0w010c011r110f110r010t010.jpg\"\/>\n                    <\/a>\n                <\/div>\n                <div class=\"ngg-albumtitle\">\n                  <a class='gallery_link' href='https:\/\/cobosvestuario.com\/en\/billy-elliot\/'>Billy Elliot<\/a>\n                <\/div>\n                <div class=\"ngg-description\">\n                    <p>Figurines\/costume design: <strong>Ana Llena<\/strong><\/p>\n                                            <p class=\"ngg-album-gallery-image-counter\"><strong>4<\/strong>&nbsp;Photos<\/p>\n                                    <\/div>\n            <\/div>\n        <\/div>\n            <div class=\"ngg-album\">\n            <div class=\"ngg-albumcontent\">\n                <div class=\"ngg-thumbnail\">\n                    <a class='gallery_link' href='https:\/\/cobosvestuario.com\/en\/trabajos-destacados\/galeria\/trabajos-destacados\/don-quijote-1'>\n                        <img class=\"Thumb\"\n                             alt=\"Don Quijote\"\n                             src=\"https:\/\/cobosvestuario.com\/wp-content\/gallery\/don-quijote\/cache\/1-29662631_10155638845191298_1967422200925109626_o.jpg-nggid03217-ngg0dyn-260x260x100-00f0w010c011r110f110r010t010.jpg\"\/>\n                    <\/a>\n                <\/div>\n                <div class=\"ngg-albumtitle\">\n                  <a class='gallery_link' href='https:\/\/cobosvestuario.com\/en\/trabajos-destacados\/galeria\/trabajos-destacados\/don-quijote-1'>Don Quijote<\/a>\n                <\/div>\n                <div class=\"ngg-description\">\n                    <p><strong>Compa\u00f1\u00eda Nacional de Danza<\/strong> <br>\r\nCore\u00f3grafo\/Choreographer: <strong>Jos\u00e9 Carlos Mart\u00ednez<\/strong> <br>\r\nFigurines\/ costume design: <strong>Carmen Granel <\/strong><\/p>\n                                            <p class=\"ngg-album-gallery-image-counter\"><strong>4<\/strong>&nbsp;Photos<\/p>\n                                    <\/div>\n            <\/div>\n        <\/div>\n            <div class=\"ngg-album\">\n            <div class=\"ngg-albumcontent\">\n                <div class=\"ngg-thumbnail\">\n                    <a class='gallery_link' href='https:\/\/cobosvestuario.com\/en\/trabajos-destacados\/galeria\/trabajos-destacados\/Erita\u00f1a'>\n                        <img class=\"Thumb\"\n                             alt=\"Erita\u00f1a\"\n                             src=\"https:\/\/cobosvestuario.com\/wp-content\/gallery\/eritana\/cache\/50183028_2646199942058682_6795537641308684288_n.jpg-nggid03200-ngg0dyn-260x260x100-00f0w010c011r110f110r010t010.jpg\"\/>\n                    <\/a>\n                <\/div>\n                <div class=\"ngg-albumtitle\">\n                  <a class='gallery_link' href='https:\/\/cobosvestuario.com\/en\/trabajos-destacados\/galeria\/trabajos-destacados\/Erita\u00f1a'>Erita\u00f1a<\/a>\n                <\/div>\n                <div class=\"ngg-description\">\n                    <p><strong>Ballet Nacional de Espa\u00f1a<\/strong> <br>\r\nCore\u00f3grafo\/Choreographer: <strong>Antonio Ruiz Soler<\/strong> <br>\r\nFigurines\/ costume design: <strong>Vicente Viudes<\/strong> <br>\r\n*vestido bailarina principal<\/p>\n                                            <p class=\"ngg-album-gallery-image-counter\"><strong>2<\/strong>&nbsp;Photos<\/p>\n                                    <\/div>\n            <\/div>\n        <\/div>\n            <div class=\"ngg-album\">\n            <div class=\"ngg-albumcontent\">\n                <div class=\"ngg-thumbnail\">\n                    <a class='gallery_link' href='https:\/\/cobosvestuario.com\/en\/trabajos-destacados\/galeria\/trabajos-destacados\/El-Cisne-Negro'>\n                        <img class=\"Thumb\"\n                             alt=\"El Cisne Negro\"\n                             src=\"https:\/\/cobosvestuario.com\/wp-content\/gallery\/el-cisne-negro\/cache\/5-Jesus-Vallinas-15622771_1466562616689093_347086008357167674_n-1.jpg-nggid03202-ngg0dyn-260x260x100-00f0w010c011r110f110r010t010.jpg\"\/>\n                    <\/a>\n                <\/div>\n                <div class=\"ngg-albumtitle\">\n                  <a class='gallery_link' href='https:\/\/cobosvestuario.com\/en\/trabajos-destacados\/galeria\/trabajos-destacados\/El-Cisne-Negro'>El Cisne Negro<\/a>\n                <\/div>\n                <div class=\"ngg-description\">\n                    <p><strong>Compa\u00f1\u00eda Nacional de Danza<\/strong><\/br>\r\nCore\u00f3grafo\/Choreographer: <strong>Jos\u00e9 Carlos Mart\u00ednez<\/strong> <br>\r\nFigurines\/ costume design: <strong>I\u00f1aki Cobos<\/strong><\/p>\n                                            <p class=\"ngg-album-gallery-image-counter\"><strong>10<\/strong>&nbsp;Photos<\/p>\n                                    <\/div>\n            <\/div>\n        <\/div>\n            <div class=\"ngg-album\">\n            <div class=\"ngg-albumcontent\">\n                <div class=\"ngg-thumbnail\">\n                    <a class='gallery_link' href='https:\/\/cobosvestuario.com\/en\/trabajos-destacados\/galeria\/trabajos-destacados\/Laurencia-1'>\n                        <img class=\"Thumb\"\n                             alt=\"Laurencia\"\n                             src=\"https:\/\/cobosvestuario.com\/wp-content\/gallery\/laurencia-1\/cache\/1_MG_9964.jpg-nggid03212-ngg0dyn-260x260x100-00f0w010c011r110f110r010t010.jpg\"\/>\n                    <\/a>\n                <\/div>\n                <div class=\"ngg-albumtitle\">\n                  <a class='gallery_link' href='https:\/\/cobosvestuario.com\/en\/trabajos-destacados\/galeria\/trabajos-destacados\/Laurencia-1'>Laurencia<\/a>\n                <\/div>\n                <div class=\"ngg-description\">\n                    <p><strong>Compa\u00f1\u00eda Nacional de Danza<\/strong> <br>\r\nCore\u00f3 grafo\/Choreographer: <strong>Jos\u00e9 Carlos Mart\u00ednez<\/strong> <br>\r\nFigurines\/ costume design: <strong>I\u00f1aki Cobos<\/strong><\/p>\n                                            <p class=\"ngg-album-gallery-image-counter\"><strong>4<\/strong>&nbsp;Photos<\/p>\n                                    <\/div>\n            <\/div>\n        <\/div>\n        <div class='ngg-clear'><\/div><\/div>\n\n","protected":false},"excerpt":{"rendered":"","protected":false},"author":1,"featured_media":0,"parent":0,"menu_order":0,"comment_status":"closed","ping_status":"closed","template":"","meta":{"ngg_post_thumbnail":0,"spay_email":""},"_links":{"self":[{"href":"https:\/\/cobosvestuario.com\/en\/wp-json\/wp\/v2\/pages\/31"}],"collection":[{"href":"https:\/\/cobosvestuario.com\/en\/wp-json\/wp\/v2\/pages"}],"about":[{"href":"https:\/\/cobosvestuario.com\/en\/wp-json\/wp\/v2\/types\/page"}],"author":[{"embeddable":true,"href":"https:\/\/cobosvestuario.com\/en\/wp-json\/wp\/v2\/users\/1"}],"replies":[{"embeddable":true,"href":"https:\/\/cobosvestuario.com\/en\/wp-json\/wp\/v2\/comments?post=31"}],"version-history":[{"count":14,"href":"https:\/\/cobosvestuario.com\/en\/wp-json\/wp\/v2\/pages\/31\/revisions"}],"predecessor-version":[{"id":890,"href":"https:\/\/cobosvestuario.com\/en\/wp-json\/wp\/v2\/pages\/31\/revisions\/890"}],"wp:attachment":[{"href":"https:\/\/cobosvestuario.com\/en\/wp-json\/wp\/v2\/media?parent=31"}],"curies":[{"name":"wp","href":"https:\/\/api.w.org\/{rel}","templated":true}]}}